{"id":657,"date":"2024-06-03T13:23:10","date_gmt":"2024-06-03T13:23:10","guid":{"rendered":"https:\/\/aleksejev21.thkit.ee\/wp3\/?post_type=product&#038;p=657"},"modified":"2024-06-03T13:26:18","modified_gmt":"2024-06-03T13:26:18","slug":"apple-macbook-air-15-2023","status":"publish","type":"product","link":"https:\/\/aleksejev21.thkit.ee\/wp3\/product\/apple-macbook-air-15-2023\/","title":{"rendered":"Apple MacBook Air 15&#8243; (2023)"},"content":{"rendered":"<p>\u2022 15.3&#8221; Liquid Retina ekraan koos True Tone tehnoloogiaga<br \/>\u2022 1080p FaceTime HD veebikaamera<br \/>\u2022 MagSafe 3 laadimisport<br \/>\u2022 Kaks Thunderbolt \/ USB 4 pesa<br \/>\u2022 Taustavalgustusega klaviatuur koos Touch ID&#8217;ga<br \/><a href=\"https:\/\/www.euronics.ee\/it\/sulearvutid\/sulearvutid\/mqku3ksfsa\/apple-macbook-air-15-2023-m2-8c-10c-8-gb-256-gb-swe-kuldne-sulearvuti\">https:\/\/www.euronics.ee\/it\/sulearvutid\/sulearvutid\/mqku3ksfsa\/apple-macbook-air-15-2023-m2-8c-10c-8-gb-256-gb-swe-kuldne-sulearvuti<\/a><\/p>\n","protected":false},"excerpt":{"rendered":"<p>Muljetavaldavalt suur. Uskumatult \u00f5huke. Uus 15-tolline MacBook Air loob rohkem ruumi sellele, mida sa armastad, kasutades avarat Liquid Retina ekraani. 13-tolline mudel aga lisab valikutesse veel rohkem p\u00f5hjuseid, miks just Air peaks saama sinu isiklikuks kaaslaseks. Superv\u00f5imas M2 kiip \u2014 mis koos kuni 18-tunnise akukestvusega \u2014 varustab m\u00f5lemad s\u00fclearvutid silmapaistva j\u00f5udlusega, pakkudes seda k\u00f5ike uskumatult kompaktse ja stiilse disaini sees.<\/p>\n","protected":false},"featured_media":658,"comment_status":"open","ping_status":"closed","template":"","meta":{"site-sidebar-layout":"default","site-content-layout":"","ast-site-content-layout":"default","site-content-style":"default","site-sidebar-style":"default","ast-global-header-display":"","ast-banner-title-visibility":"","ast-main-header-display":"","ast-hfb-above-header-display":"","ast-hfb-below-header-display":"","ast-hfb-mobile-header-display":"","site-post-title":"","ast-breadcrumbs-content":"","ast-featured-img":"","footer-sml-layout":"","ast-disable-related-posts":"","theme-transparent-header-meta":"","adv-header-id-meta":"","stick-header-meta":"","header-above-stick-meta":"","header-main-stick-meta":"","header-below-stick-meta":"","astra-migrate-meta-layouts":"default","ast-page-background-enabled":"default","ast-page-background-meta":{"desktop":{"background-color":"var(--ast-global-color-4)","background-image":"","background-repeat":"repeat","background-position":"center center","background-size":"auto","background-attachment":"scroll","background-type":"","background-media":"","overlay-type":"","overlay-color":"","overlay-opacity":"","overlay-gradient":""},"tablet":{"background-color":"","background-image":"","background-repeat":"repeat","background-position":"center center","background-size":"auto","background-attachment":"scroll","background-type":"","background-media":"","overlay-type":"","overlay-color":"","overlay-opacity":"","overlay-gradient":""},"mobile":{"background-color":"","background-image":"","background-repeat":"repeat","background-position":"center center","background-size":"auto","background-attachment":"scroll","background-type":"","background-media":"","overlay-type":"","overlay-color":"","overlay-opacity":"","overlay-gradient":""}},"ast-content-background-meta":{"desktop":{"background-color":"var(--ast-global-color-5)","background-image":"","background-repeat":"repeat","background-position":"center center","background-size":"auto","background-attachment":"scroll","background-type":"","background-media":"","overlay-type":"","overlay-color":"","overlay-opacity":"","overlay-gradient":""},"tablet":{"background-color":"var(--ast-global-color-5)","background-image":"","background-repeat":"repeat","background-position":"center center","background-size":"auto","background-attachment":"scroll","background-type":"","background-media":"","overlay-type":"","overlay-color":"","overlay-opacity":"","overlay-gradient":""},"mobile":{"background-color":"var(--ast-global-color-5)","background-image":"","background-repeat":"repeat","background-position":"center center","background-size":"auto","background-attachment":"scroll","background-type":"","background-media":"","overlay-type":"","overlay-color":"","overlay-opacity":"","overlay-gradient":""}}},"product_brand":[],"product_cat":[25],"product_tag":[],"class_list":["post-657","product","type-product","status-publish","has-post-thumbnail","product_cat-laptop","desktop-align-left","tablet-align-left","mobile-align-left","first","instock","sale","shipping-taxable","purchasable","product-type-simple"],"aioseo_notices":[],"aioseo_head":"\n\t\t<!-- All in One SEO 5.0.1.1 - aioseo.com -->\n\t<meta name=\"description\" content=\"Muljetavaldavalt suur. Uskumatult \u00f5huke. Uus 15-tolline MacBook Air loob rohkem ruumi sellele, mida sa armastad, kasutades avarat Liquid Retina ekraani. 13-tolline mudel aga lisab valikutesse veel rohkem p\u00f5hjuseid, miks just Air peaks saama sinu isiklikuks kaaslaseks. Superv\u00f5imas M2 kiip \u2014 mis koos kuni 18-tunnise akukestvusega \u2014 varustab m\u00f5lemad s\u00fclearvutid silmapaistva j\u00f5udlusega, pakkudes seda k\u00f5ike uskumatult kompaktse ja stiilse disaini sees.\" \/>\n\t<meta name=\"robots\" content=\"max-image-preview:large\" \/>\n\t<meta name=\"google-site-verification\" content=\"tkbGFUaoRuR10CiaeVP2r2eJVzWl5wL0lGtASf0HS_s\" \/>\n\t<link rel=\"canonical\" href=\"https:\/\/aleksejev21.thkit.ee\/wp3\/product\/apple-macbook-air-15-2023\/\" \/>\n\t<meta name=\"generator\" content=\"All in One SEO (AIOSEO) 5.0.1.1\" \/>\n\t\t<meta property=\"og:locale\" content=\"et_EE\" \/>\n\t\t<meta property=\"og:site_name\" content=\"Aleksandr Aleksejev Protfoolio - Noorem takvaraarendaja\" \/>\n\t\t<meta property=\"og:type\" content=\"article\" \/>\n\t\t<meta property=\"og:title\" content=\"Apple MacBook Air 15\u2033 (2023) - Aleksandr Aleksejev Protfoolio\" \/>\n\t\t<meta property=\"og:description\" content=\"Muljetavaldavalt suur. Uskumatult \u00f5huke. Uus 15-tolline MacBook Air loob rohkem ruumi sellele, mida sa armastad, kasutades avarat Liquid Retina ekraani. 13-tolline mudel aga lisab valikutesse veel rohkem p\u00f5hjuseid, miks just Air peaks saama sinu isiklikuks kaaslaseks. Superv\u00f5imas M2 kiip \u2014 mis koos kuni 18-tunnise akukestvusega \u2014 varustab m\u00f5lemad s\u00fclearvutid silmapaistva j\u00f5udlusega, pakkudes seda k\u00f5ike uskumatult kompaktse ja stiilse disaini sees.\" \/>\n\t\t<meta property=\"og:url\" content=\"https:\/\/aleksejev21.thkit.ee\/wp3\/product\/apple-macbook-air-15-2023\/\" \/>\n\t\t<meta property=\"og:image\" content=\"https:\/\/aleksejev21.thkit.ee\/wp3\/wp-content\/uploads\/2024\/05\/extendify-demo-logo.png\" \/>\n\t\t<meta property=\"og:image:secure_url\" content=\"https:\/\/aleksejev21.thkit.ee\/wp3\/wp-content\/uploads\/2024\/05\/extendify-demo-logo.png\" \/>\n\t\t<meta property=\"article:published_time\" content=\"2024-06-03T13:23:10+00:00\" \/>\n\t\t<meta property=\"article:modified_time\" content=\"2024-06-03T13:26:18+00:00\" \/>\n\t\t<meta name=\"twitter:card\" content=\"summary_large_image\" \/>\n\t\t<meta name=\"twitter:title\" content=\"Apple MacBook Air 15\u2033 (2023) - Aleksandr Aleksejev Protfoolio\" \/>\n\t\t<meta name=\"twitter:description\" content=\"Muljetavaldavalt suur. Uskumatult \u00f5huke. Uus 15-tolline MacBook Air loob rohkem ruumi sellele, mida sa armastad, kasutades avarat Liquid Retina ekraani. 13-tolline mudel aga lisab valikutesse veel rohkem p\u00f5hjuseid, miks just Air peaks saama sinu isiklikuks kaaslaseks. Superv\u00f5imas M2 kiip \u2014 mis koos kuni 18-tunnise akukestvusega \u2014 varustab m\u00f5lemad s\u00fclearvutid silmapaistva j\u00f5udlusega, pakkudes seda k\u00f5ike uskumatult kompaktse ja stiilse disaini sees.\" \/>\n\t\t<meta name=\"twitter:image\" content=\"https:\/\/aleksejev21.thkit.ee\/wp3\/wp-content\/uploads\/2024\/05\/extendify-demo-logo.png\" \/>\n\t\t<script type=\"application\/ld+json\" class=\"aioseo-schema\">\n\t\t\t{\"@context\":\"https:\\\/\\\/schema.org\",\"@graph\":[{\"@type\":\"BreadcrumbList\",\"@id\":\"https:\\\/\\\/aleksejev21.thkit.ee\\\/wp3\\\/product\\\/apple-macbook-air-15-2023\\\/#breadcrumblist\",\"itemListElement\":[{\"@type\":\"ListItem\",\"@id\":\"https:\\\/\\\/aleksejev21.thkit.ee\\\/wp3#listItem\",\"position\":1,\"name\":\"\\u0413\\u043b\\u0430\\u0432\\u043d\\u0430\\u044f \\u0441\\u0442\\u0440\\u0430\\u043d\\u0438\\u0446\\u0430\",\"item\":\"https:\\\/\\\/aleksejev21.thkit.ee\\\/wp3\",\"nextItem\":{\"@type\":\"ListItem\",\"@id\":\"https:\\\/\\\/aleksejev21.thkit.ee\\\/wp3\\\/shop\\\/#listItem\",\"name\":\"Shop\"}},{\"@type\":\"ListItem\",\"@id\":\"https:\\\/\\\/aleksejev21.thkit.ee\\\/wp3\\\/shop\\\/#listItem\",\"position\":2,\"name\":\"Shop\",\"item\":\"https:\\\/\\\/aleksejev21.thkit.ee\\\/wp3\\\/shop\\\/\",\"nextItem\":{\"@type\":\"ListItem\",\"@id\":\"https:\\\/\\\/aleksejev21.thkit.ee\\\/wp3\\\/product-category\\\/laptop\\\/#listItem\",\"name\":\"laptop\"},\"previousItem\":{\"@type\":\"ListItem\",\"@id\":\"https:\\\/\\\/aleksejev21.thkit.ee\\\/wp3#listItem\",\"name\":\"\\u0413\\u043b\\u0430\\u0432\\u043d\\u0430\\u044f \\u0441\\u0442\\u0440\\u0430\\u043d\\u0438\\u0446\\u0430\"}},{\"@type\":\"ListItem\",\"@id\":\"https:\\\/\\\/aleksejev21.thkit.ee\\\/wp3\\\/product-category\\\/laptop\\\/#listItem\",\"position\":3,\"name\":\"laptop\",\"item\":\"https:\\\/\\\/aleksejev21.thkit.ee\\\/wp3\\\/product-category\\\/laptop\\\/\",\"nextItem\":{\"@type\":\"ListItem\",\"@id\":\"https:\\\/\\\/aleksejev21.thkit.ee\\\/wp3\\\/product\\\/apple-macbook-air-15-2023\\\/#listItem\",\"name\":\"Apple MacBook Air 15&#8243; (2023)\"},\"previousItem\":{\"@type\":\"ListItem\",\"@id\":\"https:\\\/\\\/aleksejev21.thkit.ee\\\/wp3\\\/shop\\\/#listItem\",\"name\":\"Shop\"}},{\"@type\":\"ListItem\",\"@id\":\"https:\\\/\\\/aleksejev21.thkit.ee\\\/wp3\\\/product\\\/apple-macbook-air-15-2023\\\/#listItem\",\"position\":4,\"name\":\"Apple MacBook Air 15&#8243; (2023)\",\"previousItem\":{\"@type\":\"ListItem\",\"@id\":\"https:\\\/\\\/aleksejev21.thkit.ee\\\/wp3\\\/product-category\\\/laptop\\\/#listItem\",\"name\":\"laptop\"}}]},{\"@type\":\"ItemPage\",\"@id\":\"https:\\\/\\\/aleksejev21.thkit.ee\\\/wp3\\\/product\\\/apple-macbook-air-15-2023\\\/#itempage\",\"url\":\"https:\\\/\\\/aleksejev21.thkit.ee\\\/wp3\\\/product\\\/apple-macbook-air-15-2023\\\/\",\"name\":\"Apple MacBook Air 15\\u2033 (2023) - Aleksandr Aleksejev Protfoolio\",\"description\":\"Muljetavaldavalt suur. Uskumatult \\u00f5huke. Uus 15-tolline MacBook Air loob rohkem ruumi sellele, mida sa armastad, kasutades avarat Liquid Retina ekraani. 13-tolline mudel aga lisab valikutesse veel rohkem p\\u00f5hjuseid, miks just Air peaks saama sinu isiklikuks kaaslaseks. Superv\\u00f5imas M2 kiip \\u2014 mis koos kuni 18-tunnise akukestvusega \\u2014 varustab m\\u00f5lemad s\\u00fclearvutid silmapaistva j\\u00f5udlusega, pakkudes seda k\\u00f5ike uskumatult kompaktse ja stiilse disaini sees.\",\"inLanguage\":\"et\",\"isPartOf\":{\"@id\":\"https:\\\/\\\/aleksejev21.thkit.ee\\\/wp3\\\/#website\"},\"breadcrumb\":{\"@id\":\"https:\\\/\\\/aleksejev21.thkit.ee\\\/wp3\\\/product\\\/apple-macbook-air-15-2023\\\/#breadcrumblist\"},\"image\":{\"@type\":\"ImageObject\",\"url\":\"https:\\\/\\\/aleksejev21.thkit.ee\\\/wp3\\\/wp-content\\\/uploads\\\/2024\\\/06\\\/image_2024-06-03_162424436.png\",\"@id\":\"https:\\\/\\\/aleksejev21.thkit.ee\\\/wp3\\\/product\\\/apple-macbook-air-15-2023\\\/#mainImage\",\"width\":305,\"height\":305},\"primaryImageOfPage\":{\"@id\":\"https:\\\/\\\/aleksejev21.thkit.ee\\\/wp3\\\/product\\\/apple-macbook-air-15-2023\\\/#mainImage\"},\"datePublished\":\"2024-06-03T13:23:10+00:00\",\"dateModified\":\"2024-06-03T13:26:18+00:00\"},{\"@type\":\"Organization\",\"@id\":\"https:\\\/\\\/aleksejev21.thkit.ee\\\/wp3\\\/#organization\",\"name\":\"Aleksandr Aleksejev Protfoolio\",\"description\":\"Noorem takvaraarendaja\",\"url\":\"https:\\\/\\\/aleksejev21.thkit.ee\\\/wp3\\\/\",\"logo\":{\"@type\":\"ImageObject\",\"url\":\"https:\\\/\\\/aleksejev21.thkit.ee\\\/wp3\\\/wp-content\\\/uploads\\\/2024\\\/05\\\/extendify-demo-logo.png\",\"@id\":\"https:\\\/\\\/aleksejev21.thkit.ee\\\/wp3\\\/product\\\/apple-macbook-air-15-2023\\\/#organizationLogo\",\"width\":96,\"height\":97},\"image\":{\"@id\":\"https:\\\/\\\/aleksejev21.thkit.ee\\\/wp3\\\/product\\\/apple-macbook-air-15-2023\\\/#organizationLogo\"}},{\"@type\":\"WebSite\",\"@id\":\"https:\\\/\\\/aleksejev21.thkit.ee\\\/wp3\\\/#website\",\"url\":\"https:\\\/\\\/aleksejev21.thkit.ee\\\/wp3\\\/\",\"name\":\"Aleksandr Aleksejev Protfoolio\",\"description\":\"Noorem takvaraarendaja\",\"inLanguage\":\"et\",\"publisher\":{\"@id\":\"https:\\\/\\\/aleksejev21.thkit.ee\\\/wp3\\\/#organization\"}}]}\n\t\t<\/script>\n\t\t<!-- All in One SEO -->\n\n","aioseo_head_json":{"title":"Apple MacBook Air 15\u2033 (2023) - Aleksandr Aleksejev Protfoolio","description":"Muljetavaldavalt suur. Uskumatult \u00f5huke. Uus 15-tolline MacBook Air loob rohkem ruumi sellele, mida sa armastad, kasutades avarat Liquid Retina ekraani. 13-tolline mudel aga lisab valikutesse veel rohkem p\u00f5hjuseid, miks just Air peaks saama sinu isiklikuks kaaslaseks. Superv\u00f5imas M2 kiip \u2014 mis koos kuni 18-tunnise akukestvusega \u2014 varustab m\u00f5lemad s\u00fclearvutid silmapaistva j\u00f5udlusega, pakkudes seda k\u00f5ike uskumatult kompaktse ja stiilse disaini sees.","canonical_url":"https:\/\/aleksejev21.thkit.ee\/wp3\/product\/apple-macbook-air-15-2023\/","robots":"max-image-preview:large","keywords":"","webmasterTools":{"google-site-verification":"tkbGFUaoRuR10CiaeVP2r2eJVzWl5wL0lGtASf0HS_s","miscellaneous":""},"schema":{"@context":"https:\/\/schema.org","@graph":[{"@type":"BreadcrumbList","@id":"https:\/\/aleksejev21.thkit.ee\/wp3\/product\/apple-macbook-air-15-2023\/#breadcrumblist","itemListElement":[{"@type":"ListItem","@id":"https:\/\/aleksejev21.thkit.ee\/wp3#listItem","position":1,"name":"\u0413\u043b\u0430\u0432\u043d\u0430\u044f \u0441\u0442\u0440\u0430\u043d\u0438\u0446\u0430","item":"https:\/\/aleksejev21.thkit.ee\/wp3","nextItem":{"@type":"ListItem","@id":"https:\/\/aleksejev21.thkit.ee\/wp3\/shop\/#listItem","name":"Shop"}},{"@type":"ListItem","@id":"https:\/\/aleksejev21.thkit.ee\/wp3\/shop\/#listItem","position":2,"name":"Shop","item":"https:\/\/aleksejev21.thkit.ee\/wp3\/shop\/","nextItem":{"@type":"ListItem","@id":"https:\/\/aleksejev21.thkit.ee\/wp3\/product-category\/laptop\/#listItem","name":"laptop"},"previousItem":{"@type":"ListItem","@id":"https:\/\/aleksejev21.thkit.ee\/wp3#listItem","name":"\u0413\u043b\u0430\u0432\u043d\u0430\u044f \u0441\u0442\u0440\u0430\u043d\u0438\u0446\u0430"}},{"@type":"ListItem","@id":"https:\/\/aleksejev21.thkit.ee\/wp3\/product-category\/laptop\/#listItem","position":3,"name":"laptop","item":"https:\/\/aleksejev21.thkit.ee\/wp3\/product-category\/laptop\/","nextItem":{"@type":"ListItem","@id":"https:\/\/aleksejev21.thkit.ee\/wp3\/product\/apple-macbook-air-15-2023\/#listItem","name":"Apple MacBook Air 15&#8243; (2023)"},"previousItem":{"@type":"ListItem","@id":"https:\/\/aleksejev21.thkit.ee\/wp3\/shop\/#listItem","name":"Shop"}},{"@type":"ListItem","@id":"https:\/\/aleksejev21.thkit.ee\/wp3\/product\/apple-macbook-air-15-2023\/#listItem","position":4,"name":"Apple MacBook Air 15&#8243; (2023)","previousItem":{"@type":"ListItem","@id":"https:\/\/aleksejev21.thkit.ee\/wp3\/product-category\/laptop\/#listItem","name":"laptop"}}]},{"@type":"ItemPage","@id":"https:\/\/aleksejev21.thkit.ee\/wp3\/product\/apple-macbook-air-15-2023\/#itempage","url":"https:\/\/aleksejev21.thkit.ee\/wp3\/product\/apple-macbook-air-15-2023\/","name":"Apple MacBook Air 15\u2033 (2023) - Aleksandr Aleksejev Protfoolio","description":"Muljetavaldavalt suur. Uskumatult \u00f5huke. Uus 15-tolline MacBook Air loob rohkem ruumi sellele, mida sa armastad, kasutades avarat Liquid Retina ekraani. 13-tolline mudel aga lisab valikutesse veel rohkem p\u00f5hjuseid, miks just Air peaks saama sinu isiklikuks kaaslaseks. Superv\u00f5imas M2 kiip \u2014 mis koos kuni 18-tunnise akukestvusega \u2014 varustab m\u00f5lemad s\u00fclearvutid silmapaistva j\u00f5udlusega, pakkudes seda k\u00f5ike uskumatult kompaktse ja stiilse disaini sees.","inLanguage":"et","isPartOf":{"@id":"https:\/\/aleksejev21.thkit.ee\/wp3\/#website"},"breadcrumb":{"@id":"https:\/\/aleksejev21.thkit.ee\/wp3\/product\/apple-macbook-air-15-2023\/#breadcrumblist"},"image":{"@type":"ImageObject","url":"https:\/\/aleksejev21.thkit.ee\/wp3\/wp-content\/uploads\/2024\/06\/image_2024-06-03_162424436.png","@id":"https:\/\/aleksejev21.thkit.ee\/wp3\/product\/apple-macbook-air-15-2023\/#mainImage","width":305,"height":305},"primaryImageOfPage":{"@id":"https:\/\/aleksejev21.thkit.ee\/wp3\/product\/apple-macbook-air-15-2023\/#mainImage"},"datePublished":"2024-06-03T13:23:10+00:00","dateModified":"2024-06-03T13:26:18+00:00"},{"@type":"Organization","@id":"https:\/\/aleksejev21.thkit.ee\/wp3\/#organization","name":"Aleksandr Aleksejev Protfoolio","description":"Noorem takvaraarendaja","url":"https:\/\/aleksejev21.thkit.ee\/wp3\/","logo":{"@type":"ImageObject","url":"https:\/\/aleksejev21.thkit.ee\/wp3\/wp-content\/uploads\/2024\/05\/extendify-demo-logo.png","@id":"https:\/\/aleksejev21.thkit.ee\/wp3\/product\/apple-macbook-air-15-2023\/#organizationLogo","width":96,"height":97},"image":{"@id":"https:\/\/aleksejev21.thkit.ee\/wp3\/product\/apple-macbook-air-15-2023\/#organizationLogo"}},{"@type":"WebSite","@id":"https:\/\/aleksejev21.thkit.ee\/wp3\/#website","url":"https:\/\/aleksejev21.thkit.ee\/wp3\/","name":"Aleksandr Aleksejev Protfoolio","description":"Noorem takvaraarendaja","inLanguage":"et","publisher":{"@id":"https:\/\/aleksejev21.thkit.ee\/wp3\/#organization"}}]},"og:locale":"et_EE","og:site_name":"Aleksandr Aleksejev Protfoolio - Noorem takvaraarendaja","og:type":"article","og:title":"Apple MacBook Air 15\u2033 (2023) - Aleksandr Aleksejev Protfoolio","og:description":"Muljetavaldavalt suur. Uskumatult \u00f5huke. Uus 15-tolline MacBook Air loob rohkem ruumi sellele, mida sa armastad, kasutades avarat Liquid Retina ekraani. 13-tolline mudel aga lisab valikutesse veel rohkem p\u00f5hjuseid, miks just Air peaks saama sinu isiklikuks kaaslaseks. Superv\u00f5imas M2 kiip \u2014 mis koos kuni 18-tunnise akukestvusega \u2014 varustab m\u00f5lemad s\u00fclearvutid silmapaistva j\u00f5udlusega, pakkudes seda k\u00f5ike uskumatult kompaktse ja stiilse disaini sees.","og:url":"https:\/\/aleksejev21.thkit.ee\/wp3\/product\/apple-macbook-air-15-2023\/","og:image":"https:\/\/aleksejev21.thkit.ee\/wp3\/wp-content\/uploads\/2024\/05\/extendify-demo-logo.png","og:image:secure_url":"https:\/\/aleksejev21.thkit.ee\/wp3\/wp-content\/uploads\/2024\/05\/extendify-demo-logo.png","article:published_time":"2024-06-03T13:23:10+00:00","article:modified_time":"2024-06-03T13:26:18+00:00","twitter:card":"summary_large_image","twitter:title":"Apple MacBook Air 15\u2033 (2023) - Aleksandr Aleksejev Protfoolio","twitter:description":"Muljetavaldavalt suur. Uskumatult \u00f5huke. Uus 15-tolline MacBook Air loob rohkem ruumi sellele, mida sa armastad, kasutades avarat Liquid Retina ekraani. 13-tolline mudel aga lisab valikutesse veel rohkem p\u00f5hjuseid, miks just Air peaks saama sinu isiklikuks kaaslaseks. Superv\u00f5imas M2 kiip \u2014 mis koos kuni 18-tunnise akukestvusega \u2014 varustab m\u00f5lemad s\u00fclearvutid silmapaistva j\u00f5udlusega, pakkudes seda k\u00f5ike uskumatult kompaktse ja stiilse disaini sees.","twitter:image":"https:\/\/aleksejev21.thkit.ee\/wp3\/wp-content\/uploads\/2024\/05\/extendify-demo-logo.png"},"aioseo_meta_data":{"post_id":"657","title":null,"description":null,"keywords":null,"keyphrases":null,"primary_term":null,"canonical_url":null,"og_title":null,"og_description":null,"og_object_type":"default","og_image_type":"default","og_image_url":null,"og_image_width":null,"og_image_height":null,"og_image_custom_url":null,"og_image_custom_fields":null,"og_video":null,"og_custom_url":null,"og_article_section":null,"og_article_tags":null,"twitter_use_og":false,"twitter_card":"default","twitter_image_type":"default","twitter_image_url":null,"twitter_image_custom_url":null,"twitter_image_custom_fields":null,"twitter_title":null,"twitter_description":null,"schema":{"blockGraphs":[],"customGraphs":[],"default":{"data":{"Article":[],"Course":[],"Dataset":[],"FAQPage":[],"Movie":[],"Person":[],"Product":[],"ProductReview":[],"Car":[],"Recipe":[],"Service":[],"SoftwareApplication":[],"WebPage":[]},"graphName":"","isEnabled":true},"graphs":[]},"schema_type":"default","schema_type_options":null,"pillar_content":false,"robots_default":true,"robots_noindex":false,"robots_noarchive":false,"robots_nosnippet":false,"robots_nofollow":false,"robots_noimageindex":false,"robots_noodp":false,"robots_notranslate":false,"robots_max_snippet":null,"robots_max_videopreview":null,"robots_max_imagepreview":"large","priority":null,"frequency":null,"local_seo":null,"breadcrumb_settings":null,"limit_modified_date":false,"ai":null,"created":"2024-06-03 13:34:31","updated":"2025-06-05 16:46:31","seo_analyzer_scan_date":null,"focus_keyword":null,"additional_keywords":null,"truseo_locale":null},"aioseo_breadcrumb":"<div class=\"aioseo-breadcrumbs\"><span class=\"aioseo-breadcrumb\">\n\t\t\t<a href=\"https:\/\/aleksejev21.thkit.ee\/wp3\" title=\"\u0413\u043b\u0430\u0432\u043d\u0430\u044f \u0441\u0442\u0440\u0430\u043d\u0438\u0446\u0430\">\u0413\u043b\u0430\u0432\u043d\u0430\u044f \u0441\u0442\u0440\u0430\u043d\u0438\u0446\u0430<\/a>\n\t\t<\/span><span class=\"aioseo-breadcrumb-separator\">&raquo;<\/span><span class=\"aioseo-breadcrumb\">\n\t\t\t<a href=\"https:\/\/aleksejev21.thkit.ee\/wp3\/shop\/\" title=\"Shop\">Shop<\/a>\n\t\t<\/span><span class=\"aioseo-breadcrumb-separator\">&raquo;<\/span><span class=\"aioseo-breadcrumb\">\n\t\t\t<a href=\"https:\/\/aleksejev21.thkit.ee\/wp3\/product-category\/laptop\/\" title=\"laptop\">laptop<\/a>\n\t\t<\/span><span class=\"aioseo-breadcrumb-separator\">&raquo;<\/span><span class=\"aioseo-breadcrumb\">\n\t\t\tApple MacBook Air 15\u2033 (2023)\n\t\t<\/span><\/div>","aioseo_breadcrumb_json":[{"label":"\u0413\u043b\u0430\u0432\u043d\u0430\u044f \u0441\u0442\u0440\u0430\u043d\u0438\u0446\u0430","link":"https:\/\/aleksejev21.thkit.ee\/wp3"},{"label":"Shop","link":"https:\/\/aleksejev21.thkit.ee\/wp3\/shop\/"},{"label":"laptop","link":"https:\/\/aleksejev21.thkit.ee\/wp3\/product-category\/laptop\/"},{"label":"Apple MacBook Air 15&#8243; (2023)","link":"https:\/\/aleksejev21.thkit.ee\/wp3\/product\/apple-macbook-air-15-2023\/"}],"yoast_head":"<!-- This site is optimized with the Yoast SEO plugin v28.4 - https:\/\/yoast.com\/product\/yoast-seo-wordpress\/ -->\n<title>Apple MacBook Air 15&quot; (2023) - Aleksandr Aleksejev Protfoolio<\/title>\n<meta name=\"robots\" content=\"index, follow, max-snippet:-1, max-image-preview:large, max-video-preview:-1\" \/>\n<link rel=\"canonical\" href=\"https:\/\/aleksejev21.thkit.ee\/wp3\/product\/apple-macbook-air-15-2023\/\" \/>\n<meta property=\"og:locale\" content=\"et_EE\" \/>\n<meta property=\"og:type\" content=\"article\" \/>\n<meta property=\"og:title\" content=\"Apple MacBook Air 15&quot; (2023) - Aleksandr Aleksejev Protfoolio\" \/>\n<meta property=\"og:description\" content=\"Muljetavaldavalt suur. Uskumatult \u00f5huke. Uus 15-tolline MacBook Air loob rohkem ruumi sellele, mida sa armastad, kasutades avarat Liquid Retina ekraani. 13-tolline mudel aga lisab valikutesse veel rohkem p\u00f5hjuseid, miks just Air peaks saama sinu isiklikuks kaaslaseks. Superv\u00f5imas M2 kiip \u2014 mis koos kuni 18-tunnise akukestvusega \u2014 varustab m\u00f5lemad s\u00fclearvutid silmapaistva j\u00f5udlusega, pakkudes seda k\u00f5ike uskumatult kompaktse ja stiilse disaini sees.\" \/>\n<meta property=\"og:url\" content=\"https:\/\/aleksejev21.thkit.ee\/wp3\/product\/apple-macbook-air-15-2023\/\" \/>\n<meta property=\"og:site_name\" content=\"Aleksandr Aleksejev Protfoolio\" \/>\n<meta property=\"article:publisher\" content=\"https:\/\/www.facebook.com\/profile.php?id=100011831793026&amp;locale=ru_RU\" \/>\n<meta property=\"article:modified_time\" content=\"2024-06-03T13:26:18+00:00\" \/>\n<meta property=\"og:image\" content=\"https:\/\/aleksejev21.thkit.ee\/wp3\/wp-content\/uploads\/2024\/06\/image_2024-06-03_162424436.png\" \/>\n\t<meta property=\"og:image:width\" content=\"305\" \/>\n\t<meta property=\"og:image:height\" content=\"305\" \/>\n\t<meta property=\"og:image:type\" content=\"image\/png\" \/>\n<meta name=\"twitter:card\" content=\"summary_large_image\" \/>\n<script type=\"application\/ld+json\" class=\"yoast-schema-graph\">{\"@context\":\"https:\\\/\\\/schema.org\",\"@graph\":[{\"@type\":\"WebPage\",\"@id\":\"https:\\\/\\\/aleksejev21.thkit.ee\\\/wp3\\\/product\\\/apple-macbook-air-15-2023\\\/\",\"url\":\"https:\\\/\\\/aleksejev21.thkit.ee\\\/wp3\\\/product\\\/apple-macbook-air-15-2023\\\/\",\"name\":\"Apple MacBook Air 15\\\" (2023) - Aleksandr Aleksejev Protfoolio\",\"isPartOf\":{\"@id\":\"https:\\\/\\\/aleksejev21.thkit.ee\\\/wp3\\\/#website\"},\"primaryImageOfPage\":{\"@id\":\"https:\\\/\\\/aleksejev21.thkit.ee\\\/wp3\\\/product\\\/apple-macbook-air-15-2023\\\/#primaryimage\"},\"image\":{\"@id\":\"https:\\\/\\\/aleksejev21.thkit.ee\\\/wp3\\\/product\\\/apple-macbook-air-15-2023\\\/#primaryimage\"},\"thumbnailUrl\":\"https:\\\/\\\/aleksejev21.thkit.ee\\\/wp3\\\/wp-content\\\/uploads\\\/2024\\\/06\\\/image_2024-06-03_162424436.png\",\"datePublished\":\"2024-06-03T13:23:10+00:00\",\"dateModified\":\"2024-06-03T13:26:18+00:00\",\"breadcrumb\":{\"@id\":\"https:\\\/\\\/aleksejev21.thkit.ee\\\/wp3\\\/product\\\/apple-macbook-air-15-2023\\\/#breadcrumb\"},\"inLanguage\":\"et\",\"potentialAction\":[{\"@type\":\"ReadAction\",\"target\":[\"https:\\\/\\\/aleksejev21.thkit.ee\\\/wp3\\\/product\\\/apple-macbook-air-15-2023\\\/\"]}]},{\"@type\":\"ImageObject\",\"inLanguage\":\"et\",\"@id\":\"https:\\\/\\\/aleksejev21.thkit.ee\\\/wp3\\\/product\\\/apple-macbook-air-15-2023\\\/#primaryimage\",\"url\":\"https:\\\/\\\/aleksejev21.thkit.ee\\\/wp3\\\/wp-content\\\/uploads\\\/2024\\\/06\\\/image_2024-06-03_162424436.png\",\"contentUrl\":\"https:\\\/\\\/aleksejev21.thkit.ee\\\/wp3\\\/wp-content\\\/uploads\\\/2024\\\/06\\\/image_2024-06-03_162424436.png\",\"width\":305,\"height\":305},{\"@type\":\"BreadcrumbList\",\"@id\":\"https:\\\/\\\/aleksejev21.thkit.ee\\\/wp3\\\/product\\\/apple-macbook-air-15-2023\\\/#breadcrumb\",\"itemListElement\":[{\"@type\":\"ListItem\",\"position\":1,\"name\":\"\u0413\u043b\u0430\u0432\u043d\u0430\u044f \u0441\u0442\u0440\u0430\u043d\u0438\u0446\u0430\",\"item\":\"https:\\\/\\\/aleksejev21.thkit.ee\\\/wp3\\\/\"},{\"@type\":\"ListItem\",\"position\":2,\"name\":\"Shop\",\"item\":\"https:\\\/\\\/aleksejev21.thkit.ee\\\/wp3\\\/shop\\\/\"},{\"@type\":\"ListItem\",\"position\":3,\"name\":\"Apple MacBook Air 15&#8243; (2023)\"}]},{\"@type\":\"WebSite\",\"@id\":\"https:\\\/\\\/aleksejev21.thkit.ee\\\/wp3\\\/#website\",\"url\":\"https:\\\/\\\/aleksejev21.thkit.ee\\\/wp3\\\/\",\"name\":\"Aleksandr Aleksejev Portfoolio\",\"description\":\"Noorem takvaraarendaja\",\"publisher\":{\"@id\":\"https:\\\/\\\/aleksejev21.thkit.ee\\\/wp3\\\/#organization\"},\"potentialAction\":[{\"@type\":\"SearchAction\",\"target\":{\"@type\":\"EntryPoint\",\"urlTemplate\":\"https:\\\/\\\/aleksejev21.thkit.ee\\\/wp3\\\/?s={search_term_string}\"},\"query-input\":{\"@type\":\"PropertyValueSpecification\",\"valueRequired\":true,\"valueName\":\"search_term_string\"}}],\"inLanguage\":\"et\"},{\"@type\":\"Organization\",\"@id\":\"https:\\\/\\\/aleksejev21.thkit.ee\\\/wp3\\\/#organization\",\"name\":\"Aleksandr Aleksejev Portfoolio\",\"url\":\"https:\\\/\\\/aleksejev21.thkit.ee\\\/wp3\\\/\",\"logo\":{\"@type\":\"ImageObject\",\"inLanguage\":\"et\",\"@id\":\"https:\\\/\\\/aleksejev21.thkit.ee\\\/wp3\\\/#\\\/schema\\\/logo\\\/image\\\/\",\"url\":\"https:\\\/\\\/aleksejev21.thkit.ee\\\/wp3\\\/wp-content\\\/uploads\\\/2024\\\/10\\\/image.png\",\"contentUrl\":\"https:\\\/\\\/aleksejev21.thkit.ee\\\/wp3\\\/wp-content\\\/uploads\\\/2024\\\/10\\\/image.png\",\"width\":1200,\"height\":1200,\"caption\":\"Aleksandr Aleksejev Portfoolio\"},\"image\":{\"@id\":\"https:\\\/\\\/aleksejev21.thkit.ee\\\/wp3\\\/#\\\/schema\\\/logo\\\/image\\\/\"},\"sameAs\":[\"https:\\\/\\\/www.facebook.com\\\/profile.php?id=100011831793026&locale=ru_RU\"]}]}<\/script>\n<!-- \/ Yoast SEO plugin. -->","yoast_head_json":{"title":"Apple MacBook Air 15\" (2023) - Aleksandr Aleksejev Protfoolio","robots":{"index":"index","follow":"follow","max-snippet":"max-snippet:-1","max-image-preview":"max-image-preview:large","max-video-preview":"max-video-preview:-1"},"canonical":"https:\/\/aleksejev21.thkit.ee\/wp3\/product\/apple-macbook-air-15-2023\/","og_locale":"et_EE","og_type":"article","og_title":"Apple MacBook Air 15\" (2023) - Aleksandr Aleksejev Protfoolio","og_description":"Muljetavaldavalt suur. Uskumatult \u00f5huke. Uus 15-tolline MacBook Air loob rohkem ruumi sellele, mida sa armastad, kasutades avarat Liquid Retina ekraani. 13-tolline mudel aga lisab valikutesse veel rohkem p\u00f5hjuseid, miks just Air peaks saama sinu isiklikuks kaaslaseks. Superv\u00f5imas M2 kiip \u2014 mis koos kuni 18-tunnise akukestvusega \u2014 varustab m\u00f5lemad s\u00fclearvutid silmapaistva j\u00f5udlusega, pakkudes seda k\u00f5ike uskumatult kompaktse ja stiilse disaini sees.","og_url":"https:\/\/aleksejev21.thkit.ee\/wp3\/product\/apple-macbook-air-15-2023\/","og_site_name":"Aleksandr Aleksejev Protfoolio","article_publisher":"https:\/\/www.facebook.com\/profile.php?id=100011831793026&locale=ru_RU","article_modified_time":"2024-06-03T13:26:18+00:00","og_image":[{"width":305,"height":305,"url":"https:\/\/aleksejev21.thkit.ee\/wp3\/wp-content\/uploads\/2024\/06\/image_2024-06-03_162424436.png","type":"image\/png"}],"twitter_card":"summary_large_image","schema":{"@context":"https:\/\/schema.org","@graph":[{"@type":"WebPage","@id":"https:\/\/aleksejev21.thkit.ee\/wp3\/product\/apple-macbook-air-15-2023\/","url":"https:\/\/aleksejev21.thkit.ee\/wp3\/product\/apple-macbook-air-15-2023\/","name":"Apple MacBook Air 15\" (2023) - Aleksandr Aleksejev Protfoolio","isPartOf":{"@id":"https:\/\/aleksejev21.thkit.ee\/wp3\/#website"},"primaryImageOfPage":{"@id":"https:\/\/aleksejev21.thkit.ee\/wp3\/product\/apple-macbook-air-15-2023\/#primaryimage"},"image":{"@id":"https:\/\/aleksejev21.thkit.ee\/wp3\/product\/apple-macbook-air-15-2023\/#primaryimage"},"thumbnailUrl":"https:\/\/aleksejev21.thkit.ee\/wp3\/wp-content\/uploads\/2024\/06\/image_2024-06-03_162424436.png","datePublished":"2024-06-03T13:23:10+00:00","dateModified":"2024-06-03T13:26:18+00:00","breadcrumb":{"@id":"https:\/\/aleksejev21.thkit.ee\/wp3\/product\/apple-macbook-air-15-2023\/#breadcrumb"},"inLanguage":"et","potentialAction":[{"@type":"ReadAction","target":["https:\/\/aleksejev21.thkit.ee\/wp3\/product\/apple-macbook-air-15-2023\/"]}]},{"@type":"ImageObject","inLanguage":"et","@id":"https:\/\/aleksejev21.thkit.ee\/wp3\/product\/apple-macbook-air-15-2023\/#primaryimage","url":"https:\/\/aleksejev21.thkit.ee\/wp3\/wp-content\/uploads\/2024\/06\/image_2024-06-03_162424436.png","contentUrl":"https:\/\/aleksejev21.thkit.ee\/wp3\/wp-content\/uploads\/2024\/06\/image_2024-06-03_162424436.png","width":305,"height":305},{"@type":"BreadcrumbList","@id":"https:\/\/aleksejev21.thkit.ee\/wp3\/product\/apple-macbook-air-15-2023\/#breadcrumb","itemListElement":[{"@type":"ListItem","position":1,"name":"\u0413\u043b\u0430\u0432\u043d\u0430\u044f \u0441\u0442\u0440\u0430\u043d\u0438\u0446\u0430","item":"https:\/\/aleksejev21.thkit.ee\/wp3\/"},{"@type":"ListItem","position":2,"name":"Shop","item":"https:\/\/aleksejev21.thkit.ee\/wp3\/shop\/"},{"@type":"ListItem","position":3,"name":"Apple MacBook Air 15&#8243; (2023)"}]},{"@type":"WebSite","@id":"https:\/\/aleksejev21.thkit.ee\/wp3\/#website","url":"https:\/\/aleksejev21.thkit.ee\/wp3\/","name":"Aleksandr Aleksejev Portfoolio","description":"Noorem takvaraarendaja","publisher":{"@id":"https:\/\/aleksejev21.thkit.ee\/wp3\/#organization"},"potentialAction":[{"@type":"SearchAction","target":{"@type":"EntryPoint","urlTemplate":"https:\/\/aleksejev21.thkit.ee\/wp3\/?s={search_term_string}"},"query-input":{"@type":"PropertyValueSpecification","valueRequired":true,"valueName":"search_term_string"}}],"inLanguage":"et"},{"@type":"Organization","@id":"https:\/\/aleksejev21.thkit.ee\/wp3\/#organization","name":"Aleksandr Aleksejev Portfoolio","url":"https:\/\/aleksejev21.thkit.ee\/wp3\/","logo":{"@type":"ImageObject","inLanguage":"et","@id":"https:\/\/aleksejev21.thkit.ee\/wp3\/#\/schema\/logo\/image\/","url":"https:\/\/aleksejev21.thkit.ee\/wp3\/wp-content\/uploads\/2024\/10\/image.png","contentUrl":"https:\/\/aleksejev21.thkit.ee\/wp3\/wp-content\/uploads\/2024\/10\/image.png","width":1200,"height":1200,"caption":"Aleksandr Aleksejev Portfoolio"},"image":{"@id":"https:\/\/aleksejev21.thkit.ee\/wp3\/#\/schema\/logo\/image\/"},"sameAs":["https:\/\/www.facebook.com\/profile.php?id=100011831793026&locale=ru_RU"]}]}},"_links":{"self":[{"href":"https:\/\/aleksejev21.thkit.ee\/wp3\/wp-json\/wp\/v2\/product\/657","targetHints":{"allow":["GET"]}}],"collection":[{"href":"https:\/\/aleksejev21.thkit.ee\/wp3\/wp-json\/wp\/v2\/product"}],"about":[{"href":"https:\/\/aleksejev21.thkit.ee\/wp3\/wp-json\/wp\/v2\/types\/product"}],"replies":[{"embeddable":true,"href":"https:\/\/aleksejev21.thkit.ee\/wp3\/wp-json\/wp\/v2\/comments?post=657"}],"wp:featuredmedia":[{"embeddable":true,"href":"https:\/\/aleksejev21.thkit.ee\/wp3\/wp-json\/wp\/v2\/media\/658"}],"wp:attachment":[{"href":"https:\/\/aleksejev21.thkit.ee\/wp3\/wp-json\/wp\/v2\/media?parent=657"}],"wp:term":[{"taxonomy":"product_brand","embeddable":true,"href":"https:\/\/aleksejev21.thkit.ee\/wp3\/wp-json\/wp\/v2\/product_brand?post=657"},{"taxonomy":"product_cat","embeddable":true,"href":"https:\/\/aleksejev21.thkit.ee\/wp3\/wp-json\/wp\/v2\/product_cat?post=657"},{"taxonomy":"product_tag","embeddable":true,"href":"https:\/\/aleksejev21.thkit.ee\/wp3\/wp-json\/wp\/v2\/product_tag?post=657"}],"curies":[{"name":"wp","href":"https:\/\/api.w.org\/{rel}","templated":true}]}}